{"id":2490,"date":"2024-11-06T13:06:36","date_gmt":"2024-11-06T13:06:36","guid":{"rendered":"https:\/\/sabinealbiach.com\/?page_id=2490"},"modified":"2025-04-15T14:41:24","modified_gmt":"2025-04-15T14:41:24","slug":"escuela","status":"publish","type":"page","link":"https:\/\/sabinealbiach.com\/en\/escuela\/","title":{"rendered":"La escuela"},"content":{"rendered":"<div id=\"fws_69f1eee957626\"  data-column-margin=\"default\" data-midnight=\"dark\"  class=\"wpb_row vc_row-fluid vc_row full-width-content vc_row-o-equal-height vc_row-flex vc_row-o-content-top  zindex-set right_padding_0px left_padding_0px\"  style=\"padding-top: 0px; padding-bottom: 0px;  z-index: 2;\"><div class=\"row-bg-wrap\" data-bg-animation=\"none\" data-bg-animation-delay=\"\" data-bg-overlay=\"false\"><div class=\"inner-wrap row-bg-layer\" ><div class=\"row-bg viewport-desktop\"  style=\"\"><\/div><\/div><\/div><div class=\"nectar-shape-divider-wrap\" style=\" height:1px;\"  data-height=\"1\" data-front=\"true\" data-style=\"straight_section\" data-position=\"bottom\" ><svg class=\"nectar-shape-divider\" aria-hidden=\"true\" fill=\"#333333\" xmlns=\"http:\/\/www.w3.org\/2000\/svg\" viewbox=\"0 0 100 10\" preserveaspectratio=\"none\"> <polygon points=\"104 10, 104 0, 0 0, 0 10\"><\/polygon> <\/svg><\/div><div class=\"row_col_wrap_12 col span_12 dark left\">\n\t<div  class=\"vc_col-sm-6 wpb_column column_container vc_column_container col padding-3-percent inherit_tablet inherit_phone\"  data-padding-pos=\"all\" data-has-bg-color=\"false\" data-bg-color=\"\" data-bg-opacity=\"1\" data-animation=\"\" data-delay=\"0\" >\n\t\t<div class=\"vc_column-inner\" >\n\t\t\t<div class=\"wpb_wrapper\">\n\t\t\t\t<div id=\"fws_69f1eee957b26\" data-midnight=\"\" data-column-margin=\"default\" class=\"wpb_row vc_row-fluid vc_row inner_row\"  style=\"padding-top: 14%; padding-bottom: 0%; \"><div class=\"row-bg-wrap\"> <div class=\"row-bg\" ><\/div> <\/div><div class=\"row_col_wrap_12_inner col span_12  left\">\n\t<div  class=\"vc_col-sm-12 wpb_column column_container vc_column_container col child_column no-extra-padding force-tablet-text-align-left force-phone-text-align-center inherit_tablet inherit_phone\"   data-padding-pos=\"all\" data-has-bg-color=\"false\" data-bg-color=\"\" data-bg-opacity=\"1\" data-animation=\"\" data-delay=\"0\" >\n\t\t<div class=\"vc_column-inner\" >\n\t\t<div class=\"wpb_wrapper\">\n\t\t\t<div class=\"nectar-responsive-text font_line_height_1-1 nectar-link-underline-effect\" style=\"color: #c4a787;\"><h5>NUESTRO ESPACIO<\/h5>\n<\/div><div class=\"divider-wrap\" data-alignment=\"default\"><div style=\"height: 20px;\" class=\"divider\"><\/div><\/div><div class=\"nectar-responsive-text font_size_desktop_6-5vw font_size_tablet_9vw font_size_phone_16vw font_line_height_1-1 nectar-link-underline-effect\"><h2>La Escuela<\/h2>\n<\/div>\n<div class=\"wpb_text_column wpb_content_element\" style=\" max-width: 500px; display: inline-block;\">\n\t<div class=\"wpb_wrapper\">\n\t\t<p>Descubre un poco m\u00e1s del espacio donde se realizan las clases y las profesoras dispuestas a ense\u00f1arte todo sobre el ballet.<\/p>\n\t<\/div>\n<\/div>\n\n\n\n<div class=\"divider-wrap height_tablet_6vh\" data-alignment=\"default\"><div style=\"height: 41vh;\" class=\"divider\"><\/div><\/div>\n<div class=\"wpb_text_column wpb_content_element\" >\n\t<div class=\"wpb_wrapper\">\n\t\t<h1>ESCUELA DE DANZA SABINE ALBIACH<\/h1>\n\t<\/div>\n<\/div>\n\n\n\n\n\t\t<\/div> \n\t<\/div>\n\t<\/div> \n<\/div><\/div>\n\t\t\t<\/div> \n\t\t<\/div>\n\t<\/div> \n\n\t<div  class=\"vc_col-sm-6 wpb_column column_container vc_column_container col no-extra-padding inherit_tablet inherit_phone border_left_desktop_1px border_left_tablet_0px border_top_tablet_1px border_color_282828 border_style_solid\"  data-video-bg=\"true\" data-padding-pos=\"all\" data-has-bg-color=\"false\" data-bg-color=\"\" data-bg-opacity=\"1\" data-animation=\"\" data-delay=\"0\" >\n\t\t<div class=\"vc_column-inner\" >\n  <div class=\"nectar-video-wrap column-video column-bg-layer\">\n      <video class=\"nectar-video-bg\" width=\"1800\" height=\"700\" preload=\"auto\" loop autoplay muted playsinline><source src=\"https:\/\/sabinealbiach.com\/wp-content\/uploads\/2024\/10\/portada-preprimary-ballet-escuela-danza-sabine-albiach.mp4\"  type=\"video\/mp4\"><\/video><\/div>\n\t\t\t<div class=\"wpb_wrapper\">\n\t\t\t\t<div class=\"divider-wrap height_tablet_60vh height_phone_60vh\" data-alignment=\"default\"><div style=\"height: 100vh;\" class=\"divider\"><\/div><\/div>\n\t\t\t<\/div> \n\t\t<\/div>\n\t<\/div> \n<\/div><\/div>\n\t\t<div id=\"fws_69f1eee95895e\"  data-column-margin=\"default\" data-midnight=\"dark\" data-top-percent=\"5%\" data-bottom-percent=\"5%\"  class=\"wpb_row vc_row-fluid vc_row full-width-content vc_row-o-equal-height vc_row-flex vc_row-o-content-top  right_padding_3pct left_padding_3pct\"  style=\"padding-top: calc(100vw * 0.05); padding-bottom: calc(100vw * 0.05); \"><div class=\"row-bg-wrap\" data-bg-animation=\"none\" data-bg-animation-delay=\"\" data-bg-overlay=\"false\"><div class=\"inner-wrap row-bg-layer\" ><div class=\"row-bg viewport-desktop\"  style=\"\"><\/div><\/div><\/div><div class=\"nectar-shape-divider-wrap\" style=\" height:1px;\"  data-height=\"1\" data-front=\"true\" data-style=\"straight_section\" data-position=\"bottom\" ><svg class=\"nectar-shape-divider\" aria-hidden=\"true\" fill=\"#282828\" xmlns=\"http:\/\/www.w3.org\/2000\/svg\" viewbox=\"0 0 100 10\" preserveaspectratio=\"none\"> <polygon points=\"104 10, 104 0, 0 0, 0 10\"><\/polygon> <\/svg><\/div><div class=\"row_col_wrap_12 col span_12 dark left\">\n\t<div  class=\"vc_col-sm-12 wpb_column column_container vc_column_container col no-extra-padding force-desktop-text-align-center inherit_tablet inherit_phone\"  data-padding-pos=\"all\" data-has-bg-color=\"false\" data-bg-color=\"\" data-bg-opacity=\"1\" data-animation=\"\" data-delay=\"0\" >\n\t\t<div class=\"vc_column-inner\" >\n\t\t\t<div class=\"wpb_wrapper\">\n\t\t\t\t<div id=\"fws_69f1eee958ca5\" data-midnight=\"\" data-column-margin=\"default\" class=\"wpb_row vc_row-fluid vc_row inner_row\"  style=\"padding-top: 1%; padding-bottom: 3%;  z-index: 2;\"><div class=\"row-bg-wrap\"> <div class=\"row-bg\" ><\/div> <\/div><div class=\"row_col_wrap_12_inner col span_12  left\">\n\t<div style=\"z-index: 9999; \" class=\"vc_col-sm-12 wpb_column column_container vc_column_container col child_column no-extra-padding inherit_tablet inherit_phone translate_y_tablet_0px translate_y_phone_0px\"   data-padding-pos=\"all\" data-has-bg-color=\"false\" data-bg-color=\"\" data-bg-opacity=\"1\" data-animation=\"\" data-delay=\"0\" >\n\t\t<div class=\"vc_column-inner\" >\n\t\t<div class=\"wpb_wrapper\">\n\t\t\t\n<div class=\"wpb_text_column wpb_content_element\" >\n\t<div class=\"wpb_wrapper\">\n\t\t<h5>QUIENES SOMOS<\/h5>\n<h2>Nuestra escuela de danza<\/h2>\n\t<\/div>\n<\/div>\n\n\n\n\n\t\t<\/div> \n\t<\/div>\n\t<\/div> \n<\/div><\/div><div id=\"fws_69f1eee959099\" data-midnight=\"\" data-column-margin=\"default\" class=\"wpb_row vc_row-fluid vc_row inner_row\"  style=\"padding-bottom: 0%;  z-index: 2;\"><div class=\"row-bg-wrap\"> <div class=\"row-bg\" ><\/div> <\/div><div class=\"row_col_wrap_12_inner col span_12  left\">\n\t<div style=\"z-index: 9999; \" class=\"vc_col-sm-3 wpb_column column_container vc_column_container col child_column no-extra-padding inherit_tablet inherit_phone\"   data-padding-pos=\"all\" data-has-bg-color=\"false\" data-bg-color=\"\" data-bg-opacity=\"1\" data-animation=\"\" data-delay=\"0\" >\n\t\t<div class=\"vc_column-inner\" style=\"transform:  translateY(50px);\">\n\t\t<div class=\"wpb_wrapper\">\n\t\t\t\n\t\t<\/div> \n\t<\/div>\n\t<\/div> \n\n\t<div  class=\"vc_col-sm-6 wpb_column column_container vc_column_container col child_column centered-text no-extra-padding inherit_tablet inherit_phone translate_y_tablet_0px translate_y_phone_0px\"   data-padding-pos=\"all\" data-has-bg-color=\"false\" data-bg-color=\"\" data-bg-opacity=\"1\" data-animation=\"\" data-delay=\"0\" >\n\t\t<div class=\"vc_column-inner\" style=\"transform:  translateY(-5px);\">\n\t\t<div class=\"wpb_wrapper\">\n\t\t\t\n<div class=\"wpb_text_column wpb_content_element\" >\n\t<div class=\"wpb_wrapper\">\n\t\t<p>La Escuela de Danza Sabine Albiach es una escuela especializada en Danza Cl\u00e1sica y con registro oficial por la Royal Academy of Dance, por lo que ofrecemos una formaci\u00f3n regulada. Nuestros alumnos pueden hacer los ex\u00e1menes oficiales en nuestro centro con una examinadora que nos designan desde Londres. Los estudios de la Royal Academy of Dance tienen prestigio y reconocimiento internacional y se enmarcan dentro del European Qualification Framework (EQF).<\/p>\n<p>Todos nuestros profesores est\u00e1n cualificados y cuentan con la experiencia para poder impartir clases de calidad.<\/p>\n<p>Nuestras instalaciones son completamente nuevas e id\u00f3neas para la pr\u00e1ctica de la danza.<\/p>\n\t<\/div>\n<\/div>\n\n\n\n<div class=\"divider-wrap\" data-alignment=\"default\"><div style=\"height: 30px;\" class=\"divider\"><\/div><\/div>\n\t\t<\/div> \n\t<\/div>\n\t<\/div> \n\n\t<div  class=\"vc_col-sm-3 wpb_column column_container vc_column_container col child_column no-extra-padding inherit_tablet inherit_phone\"   data-padding-pos=\"all\" data-has-bg-color=\"false\" data-bg-color=\"\" data-bg-opacity=\"1\" data-animation=\"\" data-delay=\"0\" >\n\t\t<div class=\"vc_column-inner\" >\n\t\t<div class=\"wpb_wrapper\">\n\t\t\t\n\t\t<\/div> \n\t<\/div>\n\t<\/div> \n<\/div><\/div>\n\t\t\t<\/div> \n\t\t<\/div>\n\t<\/div> \n<\/div><\/div>\n\t\t<div id=\"fws_69f1eee9599b4\"  data-column-margin=\"default\" data-midnight=\"dark\"  class=\"wpb_row vc_row-fluid vc_row full-width-content vc_row-o-equal-height vc_row-flex vc_row-o-content-middle  zindex-set right_padding_0px left_padding_0px reverse_columns_column_tablet reverse_columns_column_phone top_padding_tablet_5pct top_padding_phone_8pct\"  style=\"padding-top: 0px; padding-bottom: 0px;  z-index: 3;\"><div class=\"row-bg-wrap\" data-bg-animation=\"none\" data-bg-animation-delay=\"\" data-bg-overlay=\"false\"><div class=\"inner-wrap row-bg-layer\" ><div class=\"row-bg viewport-desktop using-bg-color\"  style=\"background-color: #f2e9d6; \"><\/div><\/div><\/div><div class=\"nectar-shape-divider-wrap\" style=\" height:1px;\"  data-height=\"1\" data-front=\"true\" data-style=\"straight_section\" data-position=\"bottom\" ><svg class=\"nectar-shape-divider\" aria-hidden=\"true\" fill=\"#282828\" xmlns=\"http:\/\/www.w3.org\/2000\/svg\" viewbox=\"0 0 100 10\" preserveaspectratio=\"none\"> <polygon points=\"104 10, 104 0, 0 0, 0 10\"><\/polygon> <\/svg><\/div><div class=\"row_col_wrap_12 col span_12 dark left\">\n\t<div  class=\"vc_col-sm-6 wpb_column column_container vc_column_container col padding-5-percent inherit_tablet inherit_phone\"  data-padding-pos=\"all\" data-has-bg-color=\"false\" data-bg-color=\"\" data-bg-opacity=\"1\" data-animation=\"\" data-delay=\"0\" >\n\t\t<div class=\"vc_column-inner\" >\n\t\t\t<div class=\"wpb_wrapper\">\n\t\t\t\t<div class=\"nectar-responsive-text nectar-link-underline-effect\" style=\"color: #c4a787;\"><h5>HISTORIA<\/h5>\n<\/div>\n<div class=\"wpb_text_column wpb_content_element\" >\n\t<div class=\"wpb_wrapper\">\n\t\t<h3>LA HISTORIA<\/h3>\n\t<\/div>\n<\/div>\n\n\n\n<div class=\"divider-wrap\" data-alignment=\"default\"><div style=\"height: 35px;\" class=\"divider\"><\/div><\/div><div class=\"nectar-icon-list\" data-icon-color=\"default\" data-icon-style=\"border\" data-columns=\"3\" data-direction=\"vertical\" data-icon-size=\"small\" data-animate=\"true\"><div class=\"nectar-icon-list-item\"><div class=\"list-icon-holder\" data-icon_type=\"numerical\"><span>1<\/span><\/div><div class=\"content\"><h4>Creaci\u00f3n de la escuela<\/h4>Mauris commodo iaculis sapien quis interdum. Nulla lobortis eu nulla quis laoreet. Maecenas consectetur nulla in ligula placerat, luctus cursus velit pretium.<\/div><\/div><div class=\"nectar-icon-list-item\"><div class=\"list-icon-holder\" data-icon_type=\"numerical\"><span>2<\/span><\/div><div class=\"content\"><h4>Otra etapa<\/h4>Sed a ligula id lorem placerat aliquam. Donec laoreet odio efficitur, lobortis magna vel, mollis odio. Etiam quis velit lectus. Fusce risus mi, viverra non tincidunt at, posuere eget eros.<\/div><\/div><div class=\"nectar-icon-list-item\"><div class=\"list-icon-holder\" data-icon_type=\"numerical\"><span>3<\/span><\/div><div class=\"content\"><h4>\u00daltimo momento<\/h4>Ut eget dapibus libero. Duis posuere mi sit amet arcu accumsan, in pretium quam condimentum. Fusce non pellentesque nulla. Mauris facilisis hendrerit lectus vitae suscipit.<\/div><\/div><\/div>\n\t\t\t<\/div> \n\t\t<\/div>\n\t<\/div> \n\n\t<div  class=\"vc_col-sm-6 wpb_column column_container vc_column_container col padding-4-percent inherit_tablet inherit_phone border_left_desktop_1px border_left_tablet_0px border_left_phone_0px border_bottom_tablet_1px border_bottom_phone_1px border_color_282828 border_style_solid\"  data-padding-pos=\"top\" data-has-bg-color=\"false\" data-bg-color=\"\" data-bg-opacity=\"1\" data-animation=\"\" data-delay=\"0\" >\n\t\t<div class=\"vc_column-inner\" >\n\t\t\t<div class=\"wpb_wrapper\">\n\t\t\t\t<div class=\"nectar-flickity not-initialized nectar-carousel\" data-centered-cells=\"false\" data-pause-on-hover=\"\" data-touch-icon-color=\"default\" data-control-color=\"default\" data-overflow=\"hidden\" data-r-bottom-total=\"\" data-drag-scale=\"\" data-wrap=\"no-wrap\" data-spacing=\"default\" data-controls=\"next_prev_arrows_overlaid\" data-pagination-alignment=\"default\" data-adaptive-height=\"\" data-border-radius=\"none\" data-column-border=\"\" data-column-padding=\"0\" data-format=\"default\" data-autoplay=\"\" data-autoplay-dur=\"5000\" data-control-style=\"material_pagination\" data-desktop-columns=\"1\" data-small-desktop-columns=\"1\" data-tablet-columns=\"1\" data-phone-columns=\"1\" data-column-color=\"\"><div class=\"flickity-viewport\"> <div class=\"flickity-slider\"><div class=\"cell\"><div class=\"inner-wrap-outer\"><div class=\"inner-wrap\" ><div class=\"img-with-aniamtion-wrap center custom-width-65pct custom-width-tablet-75pct custom-width-phone-80pct\" data-max-width=\"custom\" data-max-width-mobile=\"default\" data-shadow=\"none\" data-animation=\"none\" >\n      <div class=\"inner\">\n        <div class=\"hover-wrap\"> \n          <div class=\"hover-wrap-inner\">\n            <img loading=\"lazy\" decoding=\"async\" class=\"img-with-animation borde-imagen skip-lazy\" data-delay=\"0\" height=\"1067\" width=\"1600\" data-animation=\"none\" src=\"https:\/\/sabinealbiach.com\/wp-content\/uploads\/2024\/09\/ballet-school-for-girls-2023-11-27-05-13-10-utc.jpg\" alt=\"Clases de ballet grades 1\u20133 en Valencia Royal Academy of Dance sabine albiach\" srcset=\"https:\/\/sabinealbiach.com\/wp-content\/uploads\/2024\/09\/ballet-school-for-girls-2023-11-27-05-13-10-utc.jpg 1600w, https:\/\/sabinealbiach.com\/wp-content\/uploads\/2024\/09\/ballet-school-for-girls-2023-11-27-05-13-10-utc-300x200.jpg 300w, https:\/\/sabinealbiach.com\/wp-content\/uploads\/2024\/09\/ballet-school-for-girls-2023-11-27-05-13-10-utc-1024x683.jpg 1024w, https:\/\/sabinealbiach.com\/wp-content\/uploads\/2024\/09\/ballet-school-for-girls-2023-11-27-05-13-10-utc-768x512.jpg 768w, https:\/\/sabinealbiach.com\/wp-content\/uploads\/2024\/09\/ballet-school-for-girls-2023-11-27-05-13-10-utc-1536x1024.jpg 1536w, https:\/\/sabinealbiach.com\/wp-content\/uploads\/2024\/09\/ballet-school-for-girls-2023-11-27-05-13-10-utc-900x600.jpg 900w\" sizes=\"auto, (max-width: 1600px) 100vw, 1600px\" \/>\n          <\/div>\n        <\/div>\n      <\/div>\n    <\/div><\/div><\/div><\/div><div class=\"cell\"><div class=\"inner-wrap-outer\"><div class=\"inner-wrap\" ><div class=\"img-with-aniamtion-wrap center custom-width-65pct custom-width-tablet-75pct custom-width-phone-80pct\" data-max-width=\"custom\" data-max-width-mobile=\"default\" data-shadow=\"none\" data-animation=\"none\" >\n      <div class=\"inner\">\n        <div class=\"hover-wrap\"> \n          <div class=\"hover-wrap-inner\">\n            <img loading=\"lazy\" decoding=\"async\" class=\"img-with-animation borde-imagen skip-lazy\" data-delay=\"0\" height=\"867\" width=\"1300\" data-animation=\"none\" src=\"https:\/\/sabinealbiach.com\/wp-content\/uploads\/2024\/09\/young-ballet-dancer-2023-11-27-05-33-52-utc.jpg\" alt=\"escuela de danza en valencia sabine albiach\" srcset=\"https:\/\/sabinealbiach.com\/wp-content\/uploads\/2024\/09\/young-ballet-dancer-2023-11-27-05-33-52-utc.jpg 1300w, https:\/\/sabinealbiach.com\/wp-content\/uploads\/2024\/09\/young-ballet-dancer-2023-11-27-05-33-52-utc-300x200.jpg 300w, https:\/\/sabinealbiach.com\/wp-content\/uploads\/2024\/09\/young-ballet-dancer-2023-11-27-05-33-52-utc-1024x683.jpg 1024w, https:\/\/sabinealbiach.com\/wp-content\/uploads\/2024\/09\/young-ballet-dancer-2023-11-27-05-33-52-utc-768x512.jpg 768w, https:\/\/sabinealbiach.com\/wp-content\/uploads\/2024\/09\/young-ballet-dancer-2023-11-27-05-33-52-utc-900x600.jpg 900w\" sizes=\"auto, (max-width: 1300px) 100vw, 1300px\" \/>\n          <\/div>\n        <\/div>\n      <\/div>\n    <\/div><\/div><\/div><\/div><\/div><\/div><\/div>\n\t\t\t<\/div> \n\t\t<\/div>\n\t<\/div> \n<\/div><\/div>\n\t\t<div id=\"fws_69f1eee95b1ba\"  data-column-margin=\"default\" data-midnight=\"dark\" data-top-percent=\"2%\" data-bottom-percent=\"2%\"  class=\"wpb_row vc_row-fluid vc_row full-width-content vc_row-o-equal-height vc_row-flex vc_row-o-content-middle  zindex-set right_padding_0px left_padding_0px reverse_columns_column_tablet reverse_columns_column_phone top_padding_tablet_5pct top_padding_phone_8pct\"  style=\"padding-top: calc(100vw * 0.02); padding-bottom: calc(100vw * 0.02);  z-index: 3;\"><div class=\"row-bg-wrap\" data-bg-animation=\"none\" data-bg-animation-delay=\"\" data-bg-overlay=\"false\"><div class=\"inner-wrap row-bg-layer\" ><div class=\"row-bg viewport-desktop using-bg-color\"  style=\"background-color: #f2e9d6; \"><\/div><\/div><\/div><div class=\"nectar-shape-divider-wrap\" style=\" height:1px;\"  data-height=\"1\" data-front=\"true\" data-style=\"straight_section\" data-position=\"top\" ><svg class=\"nectar-shape-divider\" aria-hidden=\"true\" fill=\"#282828\" xmlns=\"http:\/\/www.w3.org\/2000\/svg\" viewbox=\"0 0 100 10\" preserveaspectratio=\"none\"> <polygon points=\"104 10, 104 0, 0 0, 0 10\"><\/polygon> <\/svg><\/div><div class=\"row_col_wrap_12 col span_12 dark left\">\n\t<div  class=\"vc_col-sm-6 wpb_column column_container vc_column_container col padding-4-percent inherit_tablet inherit_phone border_left_desktop_1px border_left_tablet_0px border_left_phone_0px border_bottom_tablet_1px border_bottom_phone_1px border_color_282828 border_style_solid\"  data-padding-pos=\"all\" data-has-bg-color=\"false\" data-bg-color=\"\" data-bg-opacity=\"1\" data-animation=\"\" data-delay=\"0\" >\n\t\t<div class=\"vc_column-inner\" >\n\t\t\t<div class=\"wpb_wrapper\">\n\t\t\t\t<div id=\"fws_69f1eee95b4df\" data-midnight=\"\" data-column-margin=\"default\" class=\"wpb_row vc_row-fluid vc_row inner_row\"  style=\"\"><div class=\"row-bg-wrap\"> <div class=\"row-bg\" ><\/div> <\/div><div class=\"row_col_wrap_12_inner col span_12  left\">\n\t<div  class=\"vc_col-sm-12 wpb_column column_container vc_column_container col child_column no-extra-padding inherit_tablet inherit_phone\"   data-border-animation=\"\" data-border-animation-delay=\"\" data-border-width=\"1px\" data-border-style=\"solid\" data-border-color=\"#282828\" data-video-bg=\"true\" data-padding-pos=\"all\" data-has-bg-color=\"false\" data-bg-color=\"\" data-bg-opacity=\"1\" data-animation=\"\" data-delay=\"0\" >\n\t\t<div class=\"vc_column-inner\" style=\"border: 1px solid rgba(255,255,255,0); \"><span class=\"border-wrap\" style=\"border-color: #282828;\"><span class=\"border-top\"><\/span><span class=\"border-right\"><\/span><span class=\"border-bottom\"><\/span><span class=\"border-left\"><\/span><\/span>\n  <div class=\"nectar-video-wrap column-bg-layer column-video\">\n        <video class=\"nectar-video-bg\" width=\"1800\" height=\"700\" preload=\"auto\" loop autoplay muted playsinline><source src=\"https:\/\/sabinealbiach.com\/wp-content\/uploads\/2024\/09\/division-ballet-clases-sabine-albiach-academia-valencia.mp4\"  type=\"video\/mp4\"><\/video><\/div>\n\t\t<div class=\"wpb_wrapper\">\n\t\t\t<div class=\"divider-wrap\" data-alignment=\"default\"><div style=\"height: 60vh;\" class=\"divider\"><\/div><\/div>\n\t\t<\/div> \n\t<\/div>\n\t<\/div> \n<\/div><\/div>\n\t\t\t<\/div> \n\t\t<\/div>\n\t<\/div> \n\n\t<div  class=\"vc_col-sm-6 wpb_column column_container vc_column_container col padding-5-percent inherit_tablet inherit_phone\"  data-padding-pos=\"all\" data-has-bg-color=\"false\" data-bg-color=\"\" data-bg-opacity=\"1\" data-animation=\"\" data-delay=\"0\" >\n\t\t<div class=\"vc_column-inner\" >\n\t\t\t<div class=\"wpb_wrapper\">\n\t\t\t\t<div class=\"nectar-responsive-text nectar-link-underline-effect\" style=\"color: #c4a787;\"><h5>HISTORIA<\/h5>\n<\/div>\n<div class=\"wpb_text_column wpb_content_element\" >\n\t<div class=\"wpb_wrapper\">\n\t\t<h3>M\u00c1S DE LA ESCUELA<\/h3>\n\t<\/div>\n<\/div>\n\n\n\n<div class=\"divider-wrap\" data-alignment=\"default\"><div style=\"height: 35px;\" class=\"divider\"><\/div><\/div>\n<div class=\"wpb_text_column wpb_content_element\" >\n\t<div class=\"wpb_wrapper\">\n\t\t<p>La Escuela de Danza Sabine Albiach nace en Valencia como un espacio dedicado a la formaci\u00f3n en danza cl\u00e1sica, respaldado por la prestigiosa Royal Academy of Dance de Londres. Con m\u00e1s de 15 a\u00f1os de experiencia docente, nuestro equipo de profesoras cualificadas ofrece una ense\u00f1anza de calidad para todas las edades, desde infantil hasta adultos. Nuestras instalaciones, completamente nuevas y adaptadas, proporcionan un ambiente id\u00f3neo para el aprendizaje y disfrute de la danza.\u200b<\/p>\n\t<\/div>\n<\/div>\n\n\n\n\n\t\t\t<\/div> \n\t\t<\/div>\n\t<\/div> \n<\/div><\/div>\n\t\t<div id=\"profesoras\"  data-column-margin=\"default\" data-midnight=\"light\" data-top-percent=\"5%\" data-bottom-percent=\"5%\"  class=\"wpb_row vc_row-fluid vc_row full-width-content vc_row-o-equal-height vc_row-flex vc_row-o-content-middle  zindex-set right_padding_5pct left_padding_5pct top_padding_tablet_10pct top_padding_phone_12pct bottom_padding_tablet_10pct bottom_padding_phone_12pct\"  style=\"padding-top: calc(100vw * 0.05); padding-bottom: calc(100vw * 0.05);  z-index: 3;\"><div class=\"row-bg-wrap\" data-bg-animation=\"none\" data-bg-animation-delay=\"\" data-bg-overlay=\"false\"><div class=\"inner-wrap row-bg-layer\" ><div class=\"row-bg viewport-desktop using-bg-color\"  style=\"background-color: #282828; \"><\/div><\/div><\/div><div class=\"nectar-shape-divider-wrap\" style=\" height:1px;\"  data-height=\"1\" data-front=\"true\" data-style=\"straight_section\" data-position=\"top\" ><svg class=\"nectar-shape-divider\" aria-hidden=\"true\" fill=\"#ffffff\" xmlns=\"http:\/\/www.w3.org\/2000\/svg\" viewbox=\"0 0 100 10\" preserveaspectratio=\"none\"> <polygon points=\"104 10, 104 0, 0 0, 0 10\"><\/polygon> <\/svg><\/div><div class=\"nectar-shape-divider-wrap\" style=\" height:1px;\"  data-height=\"1\" data-front=\"true\" data-style=\"straight_section\" data-position=\"bottom\" ><svg class=\"nectar-shape-divider\" aria-hidden=\"true\" fill=\"#ffffff\" xmlns=\"http:\/\/www.w3.org\/2000\/svg\" viewbox=\"0 0 100 10\" preserveaspectratio=\"none\"> <polygon points=\"104 10, 104 0, 0 0, 0 10\"><\/polygon> <\/svg><\/div><div class=\"row_col_wrap_12 col span_12 light left\">\n\t<div  class=\"vc_col-sm-6 wpb_column column_container vc_column_container col no-extra-padding inherit_tablet inherit_phone border_right_desktop_0px border_color_282828 border_style_solid\"  data-padding-pos=\"all\" data-has-bg-color=\"false\" data-bg-color=\"\" data-bg-opacity=\"1\" data-animation=\"\" data-delay=\"0\" >\n\t\t<div class=\"vc_column-inner\" >\n\t\t\t<div class=\"wpb_wrapper\">\n\t\t\t\t\n\t\t\t<\/div> \n\t\t<\/div>\n\t<\/div> \n\n\t<div  class=\"vc_col-sm-6 wpb_column column_container vc_column_container col no-extra-padding force-desktop-text-align-left force-tablet-text-align-left force-phone-text-align-left inherit_tablet inherit_phone\"  data-padding-pos=\"all\" data-has-bg-color=\"false\" data-bg-color=\"\" data-bg-opacity=\"1\" data-animation=\"\" data-delay=\"0\" >\n\t\t<div class=\"vc_column-inner\" >\n\t\t\t<div class=\"wpb_wrapper\">\n\t\t\t\t<div class=\"nectar-responsive-text font_line_height_1-3 nectar-link-underline-effect\" style=\"color: #c4a787;\"><h5>EL PROFESORADO<\/h5>\n<\/div>\n<div class=\"wpb_text_column wpb_content_element\" >\n\t<div class=\"wpb_wrapper\">\n\t\t<h2>PROFESORAS<\/h2>\n\t<\/div>\n<\/div>\n\n\n\n\n<div class=\"wpb_text_column wpb_content_element\" >\n\t<div class=\"wpb_wrapper\">\n\t\t<p>En nuestra escuela de Ballet y Danza en Valencia, encontrar\u00e1s el mejor profesorado con gran experiencia en infantil, juvenil y adulto, con m\u00e1s de 15 a\u00f1os de experiencia. Todos nuestros profesores est\u00e1n cualificados y cuentan con la experiencia para poder impartir clases de calidad.<\/p>\n<p>Nuestras instalaciones son completamente nuevas e id\u00f3neas para la pr\u00e1ctica de la danza.<\/p>\n\t<\/div>\n<\/div>\n\n\n\n\n\t\t\t<\/div> \n\t\t<\/div>\n\t<\/div> \n<\/div><\/div>\n\t\t<div id=\"fws_69f1eee95c6a1\"  data-column-margin=\"default\" data-midnight=\"light\"  class=\"wpb_row vc_row-fluid vc_row full-width-content vc_row-o-equal-height vc_row-flex vc_row-o-content-middle  zindex-set right_padding_0px left_padding_0px\"  style=\"padding-top: 0px; padding-bottom: 0px;  z-index: 3;\"><div class=\"row-bg-wrap\" data-bg-animation=\"none\" data-bg-animation-delay=\"\" data-bg-overlay=\"false\"><div class=\"inner-wrap row-bg-layer\" ><div class=\"row-bg viewport-desktop using-bg-color\"  style=\"background-color: #282828; \"><\/div><\/div><\/div><div class=\"nectar-shape-divider-wrap\" style=\" height:1px;\"  data-height=\"1\" data-front=\"true\" data-style=\"straight_section\" data-position=\"top\" ><svg class=\"nectar-shape-divider\" aria-hidden=\"true\" fill=\"#ffffff\" xmlns=\"http:\/\/www.w3.org\/2000\/svg\" viewbox=\"0 0 100 10\" preserveaspectratio=\"none\"> <polygon points=\"104 10, 104 0, 0 0, 0 10\"><\/polygon> <\/svg><\/div><div class=\"nectar-shape-divider-wrap\" style=\" height:1px;\"  data-height=\"1\" data-front=\"true\" data-style=\"straight_section\" data-position=\"bottom\" ><svg class=\"nectar-shape-divider\" aria-hidden=\"true\" fill=\"#ffffff\" xmlns=\"http:\/\/www.w3.org\/2000\/svg\" viewbox=\"0 0 100 10\" preserveaspectratio=\"none\"> <polygon points=\"104 10, 104 0, 0 0, 0 10\"><\/polygon> <\/svg><\/div><div class=\"row_col_wrap_12 col span_12 light left\">\n\t<div  class=\"vc_col-sm-6 wpb_column column_container vc_column_container col padding-7-percent inherit_tablet inherit_phone border_right_desktop_1px border_color_e3e3e3 border_style_solid\"  data-padding-pos=\"all\" data-has-bg-color=\"false\" data-bg-color=\"\" data-bg-opacity=\"1\" data-animation=\"\" data-delay=\"0\" >\n\t\t<div class=\"vc_column-inner\" >\n\t\t\t<div class=\"wpb_wrapper\">\n\t\t\t\t\n<div class=\"wpb_text_column wpb_content_element\" >\n\t<div class=\"wpb_wrapper\">\n\t\t<h3>SABINE ALBIACH<\/h3>\n<p>Profesora de danza cl\u00e1sica desde 1999, ha trabajado en diversas escuelas de danza y colegios de Valencia. Como bailarina, ha formado parte del Ballet Cl\u00e1sico de Valencia, el Ballet de la Universidad de Valencia y otros grupos de danza cl\u00e1sica y jazz. Colabor\u00f3 en el v\u00eddeo promocional del ISEA (2010) y en la \u00f3pera La flauta m\u00e1gica con la orquesta del Conservatorio Superior de M\u00fasica Joaqu\u00edn Rodrigo.<\/p>\n<p>Es autora de Compa\u00f1\u00eda Nacional de Danza, 1979-1990, publicada por el Centro de Documentaci\u00f3n de M\u00fasica y Danza del INAEM, y coautora del libro Historia de la danza contempor\u00e1nea en Espa\u00f1a, Vol. II, de la Academia de las Artes Esc\u00e9nicas de Espa\u00f1a.<\/p>\n\t<\/div>\n<\/div>\n\n\n\n<div id=\"fws_69f1eee95caca\" data-midnight=\"\" data-column-margin=\"default\" class=\"wpb_row vc_row-fluid vc_row inner_row\"  style=\"padding-top: 3%; \"><div class=\"row-bg-wrap\"> <div class=\"row-bg\" ><\/div> <\/div><div class=\"row_col_wrap_12_inner col span_12  left\">\n\t<div  class=\"vc_col-sm-12 wpb_column column_container vc_column_container col child_column no-extra-padding force-desktop-text-align-right inherit_tablet inherit_phone\"   data-padding-pos=\"all\" data-has-bg-color=\"false\" data-bg-color=\"\" data-bg-opacity=\"1\" data-animation=\"\" data-delay=\"0\" >\n\t\t<div class=\"vc_column-inner\" >\n\t\t<div class=\"wpb_wrapper\">\n\t\t\t<div class=\"team-member\" data-style=\"bio_fullscreen_alt\"><div class=\"team-member-image\"><div class=\"team-member-image-inner\"><img loading=\"lazy\" decoding=\"async\" src=\"\" width=\"500\" height=\"500\" alt=\"\" \/><\/div><\/div><div class=\"team-member-overlay\"><\/div>\n    <div class=\"team-meta\"><h5><\/h5><h3>Formaci\u00f3n completa<\/h3><p><\/p><div class=\"nectar-cta\" data-color=\"default\" data-using-bg=\"false\" data-style=\"arrow-animation\" data-display=\"block\" data-alignment=\"left\"><span class=\"link_wrap\"><a class=\"link_text\" href=\"#\"><svg class=\"next-arrow\" width=\"20px\" height=\"25px\" viewbox=\"0 0 50 80\" xml:space=\"preserve\">\n        <polyline stroke=\"#000000\" stroke-width=\"9\" fill=\"none\" stroke-linecap=\"round\" stroke-linejoin=\"round\" points=\"0, 0 45, 40 0, 80\"><\/polyline>\n        <\/svg><span class=\"line\" style=\"background-color: #000;\"><\/span> <\/a><\/span><\/div><\/div>\n    <div class=\"nectar_team_bio_img\" data-img-src=\"https:\/\/sabinealbiach.com\/wp-content\/uploads\/2024\/09\/sabine-2.jpg\"><\/div>\n    <div class=\"nectar_team_bio\">\u2022 T\u00edtulo Superior en Pedagog\u00eda de la Danza Cl\u00e1sica por el Conservatorio Superior de Danza de Valencia.<\/p>\n<p>\u2022 M\u00e1ster en Artes Esc\u00e9nicas en el Instituto \u201cAlicia Alonso\u201d dela Universidad Rey Juan Carlos (Madrid).<\/p>\n<p>\u2022 Profesora titulada por la Royal Academy of Dance de Londres<\/p>\n<p>\u2022 Instructora nivel 3 de Progressing Ballet Technique (PBT)<\/p>\n<p>\u2022 Grado en Lenguas Modernas por la Universidad de Valencia<div class=\"bottom_meta\"><a href=\"\" target=\"_blank\"><i class=\"icon-default-style fa fa-instagram\"><\/i><\/a><a href=\"\" target=\"_blank\"><i class=\"icon-default-style fa fa-facebook-square\"><\/i><\/a><\/div><\/div>\n    <\/div>\n\t\t<\/div> \n\t<\/div>\n\t<\/div> \n<\/div><\/div>\n\t\t\t<\/div> \n\t\t<\/div>\n\t<\/div> \n\n\t<div  class=\"vc_col-sm-6 wpb_column column_container vc_column_container col padding-7-percent force-desktop-text-align-right inherit_tablet inherit_phone\"  data-padding-pos=\"all\" data-has-bg-color=\"false\" data-bg-color=\"\" data-bg-opacity=\"1\" data-animation=\"\" data-delay=\"0\" >\n\t\t<div class=\"vc_column-inner\" >\n\t\t\t<div class=\"wpb_wrapper\">\n\t\t\t\t<div class=\"img-with-aniamtion-wrap center custom-size custom-width-80pct\" data-max-width=\"custom\" data-max-width-mobile=\"default\" data-shadow=\"none\" data-animation=\"none\" >\n      <div class=\"inner\">\n        <div class=\"hover-wrap\"> \n          <div class=\"hover-wrap-inner\">\n            <img loading=\"lazy\" decoding=\"async\" class=\"img-with-animation borde-imagen2 skip-lazy\" data-delay=\"0\" height=\"600\" width=\"600\" data-animation=\"none\" src=\"https:\/\/sabinealbiach.com\/wp-content\/uploads\/2024\/09\/sabine-2.jpg\" alt=\"\" srcset=\"https:\/\/sabinealbiach.com\/wp-content\/uploads\/2024\/09\/sabine-2.jpg 600w, https:\/\/sabinealbiach.com\/wp-content\/uploads\/2024\/09\/sabine-2-300x300.jpg 300w, https:\/\/sabinealbiach.com\/wp-content\/uploads\/2024\/09\/sabine-2-150x150.jpg 150w, https:\/\/sabinealbiach.com\/wp-content\/uploads\/2024\/09\/sabine-2-140x140.jpg 140w, https:\/\/sabinealbiach.com\/wp-content\/uploads\/2024\/09\/sabine-2-100x100.jpg 100w, https:\/\/sabinealbiach.com\/wp-content\/uploads\/2024\/09\/sabine-2-500x500.jpg 500w, https:\/\/sabinealbiach.com\/wp-content\/uploads\/2024\/09\/sabine-2-350x350.jpg 350w\" sizes=\"auto, (max-width: 600px) 100vw, 600px\" \/>\n          <\/div>\n        <\/div>\n      <\/div>\n    <\/div>\n\t\t\t<\/div> \n\t\t<\/div>\n\t<\/div> \n<\/div><\/div>\n\t\t<div id=\"fws_69f1eee95d502\"  data-column-margin=\"default\" data-midnight=\"light\"  class=\"wpb_row vc_row-fluid vc_row full-width-content vc_row-o-equal-height vc_row-flex vc_row-o-content-middle  zindex-set right_padding_0px left_padding_0px reverse_columns_column_tablet reverse_columns_column_phone\"  style=\"padding-top: 0px; padding-bottom: 0px;  z-index: 3;\"><div class=\"row-bg-wrap\" data-bg-animation=\"none\" data-bg-animation-delay=\"\" data-bg-overlay=\"false\"><div class=\"inner-wrap row-bg-layer\" ><div class=\"row-bg viewport-desktop using-bg-color\"  style=\"background-color: #282828; \"><\/div><\/div><\/div><div class=\"nectar-shape-divider-wrap\" style=\" height:1px;\"  data-height=\"1\" data-front=\"true\" data-style=\"straight_section\" data-position=\"top\" ><svg class=\"nectar-shape-divider\" aria-hidden=\"true\" fill=\"#ffffff\" xmlns=\"http:\/\/www.w3.org\/2000\/svg\" viewbox=\"0 0 100 10\" preserveaspectratio=\"none\"> <polygon points=\"104 10, 104 0, 0 0, 0 10\"><\/polygon> <\/svg><\/div><div class=\"nectar-shape-divider-wrap\" style=\" height:1px;\"  data-height=\"1\" data-front=\"true\" data-style=\"straight_section\" data-position=\"bottom\" ><svg class=\"nectar-shape-divider\" aria-hidden=\"true\" fill=\"#ffffff\" xmlns=\"http:\/\/www.w3.org\/2000\/svg\" viewbox=\"0 0 100 10\" preserveaspectratio=\"none\"> <polygon points=\"104 10, 104 0, 0 0, 0 10\"><\/polygon> <\/svg><\/div><div class=\"row_col_wrap_12 col span_12 light left\">\n\t<div  class=\"vc_col-sm-6 wpb_column column_container vc_column_container col padding-7-percent force-desktop-text-align-right inherit_tablet inherit_phone border_right_desktop_1px border_color_e3e3e3 border_style_solid\"  data-padding-pos=\"all\" data-has-bg-color=\"false\" data-bg-color=\"\" data-bg-opacity=\"1\" data-animation=\"\" data-delay=\"0\" >\n\t\t<div class=\"vc_column-inner\" >\n\t\t\t<div class=\"wpb_wrapper\">\n\t\t\t\t<div class=\"img-with-aniamtion-wrap center custom-width-83pct\" data-max-width=\"custom\" data-max-width-mobile=\"default\" data-shadow=\"none\" data-animation=\"none\" >\n      <div class=\"inner\">\n        <div class=\"hover-wrap\"> \n          <div class=\"hover-wrap-inner\">\n            <img loading=\"lazy\" decoding=\"async\" class=\"img-with-animation borde-imagen2 skip-lazy\" data-delay=\"0\" height=\"1066\" width=\"1600\" data-animation=\"none\" src=\"https:\/\/sabinealbiach.com\/wp-content\/uploads\/2024\/09\/Profesora-ballet.jpg\" alt=\"\" srcset=\"https:\/\/sabinealbiach.com\/wp-content\/uploads\/2024\/09\/Profesora-ballet.jpg 1600w, https:\/\/sabinealbiach.com\/wp-content\/uploads\/2024\/09\/Profesora-ballet-300x200.jpg 300w, https:\/\/sabinealbiach.com\/wp-content\/uploads\/2024\/09\/Profesora-ballet-1024x682.jpg 1024w, https:\/\/sabinealbiach.com\/wp-content\/uploads\/2024\/09\/Profesora-ballet-768x512.jpg 768w, https:\/\/sabinealbiach.com\/wp-content\/uploads\/2024\/09\/Profesora-ballet-1536x1023.jpg 1536w, https:\/\/sabinealbiach.com\/wp-content\/uploads\/2024\/09\/Profesora-ballet-900x600.jpg 900w\" sizes=\"auto, (max-width: 1600px) 100vw, 1600px\" \/>\n          <\/div>\n        <\/div>\n      <\/div>\n    <\/div>\n\t\t\t<\/div> \n\t\t<\/div>\n\t<\/div> \n\n\t<div  class=\"vc_col-sm-6 wpb_column column_container vc_column_container col padding-7-percent inherit_tablet inherit_phone border_color_e3e3e3 border_style_solid\"  data-padding-pos=\"all\" data-has-bg-color=\"false\" data-bg-color=\"\" data-bg-opacity=\"1\" data-animation=\"\" data-delay=\"0\" >\n\t\t<div class=\"vc_column-inner\" >\n\t\t\t<div class=\"wpb_wrapper\">\n\t\t\t\t\n<div class=\"wpb_text_column wpb_content_element\" >\n\t<div class=\"wpb_wrapper\">\n\t\t<h3>Yiliam Mejuto Garc\u00eda<\/h3>\n<p>Profesora y bailarina con una amplia trayectoria en el \u00e1mbito del ballet, ha sido profesora en la Compa\u00f1\u00eda de Ballet Infantil DeGracy, en la Casa de la Cultura de Coj\u00edmar para adultos, y en el C\u00edrculo de Inter\u00e9s de Ballet para ni\u00f1os de la Escuela Primaria Guerrillero Heroico. Como bailarina, ha formado parte de la Compa\u00f1\u00eda Profesional de Ballet Laura Alonso y del Ballet de la Televisi\u00f3n Cubana, consolidando su experiencia en escenarios de alto nivel.<\/p>\n\t<\/div>\n<\/div>\n\n\n\n<div id=\"fws_69f1eee95dd83\" data-midnight=\"\" data-column-margin=\"default\" class=\"wpb_row vc_row-fluid vc_row inner_row\"  style=\"padding-top: 3%; \"><div class=\"row-bg-wrap\"> <div class=\"row-bg\" ><\/div> <\/div><div class=\"row_col_wrap_12_inner col span_12  left\">\n\t<div  class=\"vc_col-sm-12 alinear wpb_column column_container vc_column_container col child_column no-extra-padding inherit_tablet inherit_phone\"   data-padding-pos=\"all\" data-has-bg-color=\"false\" data-bg-color=\"\" data-bg-opacity=\"1\" data-animation=\"\" data-delay=\"0\" >\n\t\t<div class=\"vc_column-inner\" >\n\t\t<div class=\"wpb_wrapper\">\n\t\t\t<div class=\"team-member\" data-style=\"bio_fullscreen_alt\"><div class=\"team-member-image\"><div class=\"team-member-image-inner\"><img loading=\"lazy\" decoding=\"async\" src=\"\" width=\"500\" height=\"500\" alt=\"\" \/><\/div><\/div><div class=\"team-member-overlay\"><\/div>\n    <div class=\"team-meta\"><h5><\/h5><h3>Formaci\u00f3n completa<\/h3><p><\/p><div class=\"nectar-cta\" data-color=\"default\" data-using-bg=\"false\" data-style=\"arrow-animation\" data-display=\"block\" data-alignment=\"left\"><span class=\"link_wrap\"><a class=\"link_text\" href=\"#\"><svg class=\"next-arrow\" width=\"20px\" height=\"25px\" viewbox=\"0 0 50 80\" xml:space=\"preserve\">\n        <polyline stroke=\"#000000\" stroke-width=\"9\" fill=\"none\" stroke-linecap=\"round\" stroke-linejoin=\"round\" points=\"0, 0 45, 40 0, 80\"><\/polyline>\n        <\/svg><span class=\"line\" style=\"background-color: #000;\"><\/span> <\/a><\/span><\/div><\/div>\n    <div class=\"nectar_team_bio_img\" data-img-src=\"https:\/\/sabinealbiach.com\/wp-content\/uploads\/2024\/09\/Profesora-ballet.jpg\"><\/div>\n    <div class=\"nectar_team_bio\">\u2022 Escuela Elemental de Ballet Alejo Carpentier<\/p>\n<p>\u2022 Escuela Nacional de Arte (Ballet) E.N.A. (Cuba)<div class=\"bottom_meta\"><a href=\"\" target=\"_blank\"><i class=\"icon-default-style fa fa-instagram\"><\/i><\/a><a href=\"\" target=\"_blank\"><i class=\"icon-default-style fa fa-facebook-square\"><\/i><\/a><\/div><\/div>\n    <\/div>\n\t\t<\/div> \n\t<\/div>\n\t<\/div> \n<\/div><\/div>\n\t\t\t<\/div> \n\t\t<\/div>\n\t<\/div> \n<\/div><\/div>\n\t\t<div id=\"fws_69f1eee95e41d\"  data-column-margin=\"default\" data-midnight=\"dark\"  class=\"wpb_row vc_row-fluid vc_row full-width-content vc_row-o-equal-height vc_row-flex vc_row-o-content-middle  zindex-set right_padding_0px left_padding_0px\"  style=\"padding-top: 0px; padding-bottom: 0px;  z-index: 3;\"><div class=\"row-bg-wrap\" data-bg-animation=\"none\" data-bg-animation-delay=\"\" data-bg-overlay=\"false\"><div class=\"inner-wrap row-bg-layer\" ><div class=\"row-bg viewport-desktop\"  style=\"\"><\/div><\/div><\/div><div class=\"nectar-shape-divider-wrap\" style=\" height:1px;\"  data-height=\"1\" data-front=\"true\" data-style=\"straight_section\" data-position=\"top\" ><svg class=\"nectar-shape-divider\" aria-hidden=\"true\" fill=\"#ffffff\" xmlns=\"http:\/\/www.w3.org\/2000\/svg\" viewbox=\"0 0 100 10\" preserveaspectratio=\"none\"> <polygon points=\"104 10, 104 0, 0 0, 0 10\"><\/polygon> <\/svg><\/div><div class=\"nectar-shape-divider-wrap\" style=\" height:1px;\"  data-height=\"1\" data-front=\"true\" data-style=\"straight_section\" data-position=\"bottom\" ><svg class=\"nectar-shape-divider\" aria-hidden=\"true\" fill=\"#ffffff\" xmlns=\"http:\/\/www.w3.org\/2000\/svg\" viewbox=\"0 0 100 10\" preserveaspectratio=\"none\"> <polygon points=\"104 10, 104 0, 0 0, 0 10\"><\/polygon> <\/svg><\/div><div class=\"row_col_wrap_12 col span_12 dark left\">\n\t<div  class=\"vc_col-sm-6 wpb_column column_container vc_column_container col padding-6-percent force-desktop-text-align-left inherit_tablet inherit_phone border_right_desktop_1px border_right_tablet_0px border_right_phone_0px border_color_282828 border_style_solid\"  data-padding-pos=\"all\" data-has-bg-color=\"false\" data-bg-color=\"\" data-bg-opacity=\"1\" data-animation=\"\" data-delay=\"0\" >\n\t\t<div class=\"vc_column-inner\" >\n\t\t\t<div class=\"wpb_wrapper\">\n\t\t\t\t<div class=\"nectar-responsive-text nectar-link-underline-effect\" style=\"color: #c4a787;\"><h5>UBICACI\u00d3N<\/h5>\n<\/div>\n<div class=\"wpb_text_column wpb_content_element\" >\n\t<div class=\"wpb_wrapper\">\n\t\t<h2>\u00bfD\u00d3NDE ESTAMOS?<\/h2>\n\t<\/div>\n<\/div>\n\n\n\n\n<div class=\"wpb_text_column wpb_content_element\" >\n\t<div class=\"wpb_wrapper\">\n\t\t<p>Puedes encontrarnos en C\/ de l&#8217;Enginyer Jos\u00e9 Sirera, 4, bajo, en San Marcelino, Jes\u00fas.<\/p>\n\t<\/div>\n<\/div>\n\n\n\n<div class=\"divider-wrap\" data-alignment=\"default\"><div style=\"height: 5vw;\" class=\"divider\"><\/div><\/div><div id=\"fws_69f1eee95ea97\" data-midnight=\"\" data-column-margin=\"default\" class=\"wpb_row vc_row-fluid vc_row inner_row\"  style=\"padding-top: 3%; \"><div class=\"row-bg-wrap\"> <div class=\"row-bg\" ><\/div> <\/div><div class=\"row_col_wrap_12_inner col span_12  left\">\n\t<div  class=\"vc_col-sm-2 wpb_column column_container vc_column_container col child_column no-extra-padding inherit_tablet inherit_phone\"   data-padding-pos=\"all\" data-has-bg-color=\"false\" data-bg-color=\"\" data-bg-opacity=\"1\" data-animation=\"\" data-delay=\"0\" >\n\t\t<div class=\"vc_column-inner\" >\n\t\t<div class=\"wpb_wrapper\">\n\t\t\t\n\t\t<\/div> \n\t<\/div>\n\t<\/div> \n\n\t<div  class=\"vc_col-sm-10 wpb_column column_container vc_column_container col child_column no-extra-padding force-desktop-text-align-right inherit_tablet inherit_phone\"   data-padding-pos=\"all\" data-has-bg-color=\"false\" data-bg-color=\"\" data-bg-opacity=\"1\" data-animation=\"\" data-delay=\"0\" >\n\t\t<div class=\"vc_column-inner\" >\n\t\t<div class=\"wpb_wrapper\">\n\t\t\t\n\t<div class=\"wpb_raw_code wpb_raw_html wpb_content_element\" >\n\t\t<div class=\"wpb_wrapper\">\n\t\t\t<a href=\"https:\/\/maps.app.goo.gl\/YVF6kBCPTb9DtdTy5\" class=\"cta-button\" style=\"color:#333333\" target=\"_blank\" rel=\"noopener\">\n    Ver en maps\n   <svg id=\"Capa_1\" data-name=\"Capa 1\" xmlns=\"http:\/\/www.w3.org\/2000\/svg\" viewbox=\"0 0 148.13 73.73\">\n  <line class=\"cls-1\" x1=\"1\" y1=\"39\" x2=\"147.13\" y2=\"39\" \/>\n  <polyline class=\"cls-2\" points=\"115 1 147.05 39 115 72.73\" \/>\n<\/svg>\n<\/a>\n\t\t<\/div>\n\t<\/div>\n\n\t\t<\/div> \n\t<\/div>\n\t<\/div> \n<\/div><\/div>\n\t\t\t<\/div> \n\t\t<\/div>\n\t<\/div> \n\n\t<div  class=\"vc_col-sm-6 cambios wpb_column column_container vc_column_container col padding-6-percent inherit_tablet inherit_phone border_right_desktop_0px border_color_282828 border_style_solid\"  data-padding-pos=\"all\" data-has-bg-color=\"false\" data-bg-color=\"\" data-bg-opacity=\"1\" data-animation=\"\" data-delay=\"0\" >\n\t\t<div class=\"vc_column-inner\" >\n\t\t\t<div class=\"wpb_wrapper\">\n\t\t\t\t\n\t<div class=\"wpb_raw_code wpb_raw_html wpb_content_element\" >\n\t\t<div class=\"wpb_wrapper\">\n\t\t\t<iframe src=\"https:\/\/www.google.com\/maps\/embed?pb=!1m18!1m12!1m3!1d11740.342165354241!2d-0.39392105208099704!3d39.446529814961416!2m3!1f0!2f0!3f0!3m2!1i1024!2i768!4f13.1!3m3!1m2!1s0xd604f3cf615a5ff%3A0x2a1d2e2262601192!2sEscuela%20de%20Danza%20Sabine%20Albiach!5e0!3m2!1ses!2ses!4v1730906619448!5m2!1ses!2ses\" width=\"600\" height=\"450\" style=\"border:0;\" allowfullscreen=\"\" loading=\"lazy\" referrerpolicy=\"no-referrer-when-downgrade\"><\/iframe>\n\t\t<\/div>\n\t<\/div>\n\n\t\t\t<\/div> \n\t\t<\/div>\n\t<\/div> \n<\/div><\/div>\n\t\t<div id=\"toogle\"  data-column-margin=\"default\" data-midnight=\"light\"  class=\"wpb_row vc_row-fluid vc_row full-width-content vc_row-o-equal-height vc_row-flex vc_row-o-content-top  zindex-set right_padding_0px left_padding_0px\"  style=\"padding-top: 0px; padding-bottom: 0px;  z-index: 3;\"><div class=\"row-bg-wrap\" data-bg-animation=\"none\" data-bg-animation-delay=\"\" data-bg-overlay=\"false\"><div class=\"inner-wrap row-bg-layer\" ><div class=\"row-bg viewport-desktop using-bg-color\"  style=\"background-color: #282828; \"><\/div><\/div><\/div><div class=\"row_col_wrap_12 col span_12 light left\">\n\t<div style=\"\" class=\"vc_col-sm-6 wpb_column column_container vc_column_container col no-extra-padding inherit_tablet inherit_phone border_right_desktop_0px border_color_282828 border_style_solid\" data-using-bg=\"true\" data-padding-pos=\"all\" data-has-bg-color=\"false\" data-bg-color=\"\" data-bg-opacity=\"1\" data-animation=\"\" data-delay=\"0\" >\n\t\t<div class=\"vc_column-inner\" ><div class=\"column-image-bg-wrap column-bg-layer viewport-desktop\" data-bg-pos=\"center center\" data-bg-animation=\"none\" data-bg-overlay=\"false\"><div class=\"inner-wrap\"><div class=\"column-image-bg\" style=\" background-image: url('https:\/\/sabinealbiach.com\/wp-content\/uploads\/2022\/07\/sabine-3.jpg'); \"><\/div><\/div><\/div>\n\t\t\t<div class=\"wpb_wrapper\">\n\t\t\t\t\n\t\t\t<\/div> \n\t\t<\/div>\n\t<\/div> \n\n\t<div  class=\"vc_col-sm-6 wpb_column column_container vc_column_container col force-desktop-text-align-right force-tablet-text-align-left force-phone-text-align-left left_padding_tablet_3pct left_padding_phone_5pct top_padding_phone_5pct right_padding_desktop_3pct\"  data-padding-pos=\"all\" data-has-bg-color=\"false\" data-bg-color=\"\" data-bg-opacity=\"1\" data-animation=\"\" data-delay=\"0\" >\n\t\t<div class=\"vc_column-inner\" >\n\t\t\t<div class=\"wpb_wrapper\">\n\t\t\t\t<div id=\"fws_69f1eee95fb8f\" data-midnight=\"\" data-column-margin=\"default\" class=\"wpb_row vc_row-fluid vc_row inner_row\"  style=\"\"><div class=\"row-bg-wrap\"> <div class=\"row-bg\" ><\/div> <\/div><div class=\"row_col_wrap_12_inner col span_12  left\">\n\t<div  class=\"vc_col-sm-12 wpb_column column_container vc_column_container col child_column padding-6-percent force-phone-text-align-left no-extra-padding_tablet no-extra-padding_phone\"   data-padding-pos=\"all\" data-has-bg-color=\"false\" data-bg-color=\"\" data-bg-opacity=\"1\" data-animation=\"\" data-delay=\"0\" >\n\t\t<div class=\"vc_column-inner\" >\n\t\t<div class=\"wpb_wrapper\">\n\t\t\t<div class=\"nectar-responsive-text nectar-link-underline-effect\" style=\"color: #c4a787;\"><h5>DUDAS<\/h5>\n<\/div>\n<div class=\"wpb_text_column wpb_content_element\" >\n\t<div class=\"wpb_wrapper\">\n\t\t<h2>\u00bfTienes alguna pregunta?<\/h2>\n\t<\/div>\n<\/div>\n\n\n\n\n\t\t<\/div> \n\t<\/div>\n\t<\/div> \n<\/div><\/div><div class=\"toggles\" data-br=\"\" data-starting=\"default\" data-style=\"minimal\"><div class=\"toggle default\" data-inner-wrap=\"true\"><h3 class=\"toggle-title\"><a href=\"#\" role=\"button\" class=\"nectar-inherit-h5 toggle-heading\"><i role=\"presentation\" class=\"fa fa-plus-circle\"><\/i>\u00bfA qu\u00e9 edad pueden comenzar los ni\u00f1os en el nivel pre-primary?<\/a><\/h3><div><div class=\"inner-toggle-wrap\"><div id=\"fws_69f1eee96036c\" data-midnight=\"\" data-column-margin=\"default\" class=\"wpb_row vc_row-fluid vc_row inner_row\"  style=\"\"><div class=\"row-bg-wrap\"> <div class=\"row-bg\" ><\/div> <\/div><div class=\"row_col_wrap_12_inner col span_12  left\">\n\t<div  class=\"vc_col-sm-12 wpb_column column_container vc_column_container col child_column padding-7-percent force-desktop-text-align-left inherit_tablet inherit_phone\"   data-padding-pos=\"all\" data-has-bg-color=\"false\" data-bg-color=\"\" data-bg-opacity=\"1\" data-animation=\"\" data-delay=\"0\" >\n\t\t<div class=\"vc_column-inner\" >\n\t\t<div class=\"wpb_wrapper\">\n\t\t\t\n<div class=\"wpb_text_column wpb_content_element\" >\n\t<div class=\"wpb_wrapper\">\n\t\t<p style=\"text-align: left\">Estas clases est\u00e1n dise\u00f1adas para ni\u00f1os a partir de 3-5 a\u00f1os, cuando empiezan a desarrollar habilidades motoras y coordinaci\u00f3n.<\/p>\n\t<\/div>\n<\/div>\n\n\n\n\n\t\t<\/div> \n\t<\/div>\n\t<\/div> \n<\/div><\/div><\/div><\/div><\/div><\/div>\n\n\n\n\n\n\n\n\n\n\n\n\n\n\n\n\n\n\n\n<div class=\"toggles\" data-br=\"\" data-starting=\"default\" data-style=\"minimal\"><div class=\"toggle default\" data-inner-wrap=\"true\"><h3 class=\"toggle-title\"><a href=\"#\" role=\"button\" class=\"nectar-inherit-h5 toggle-heading\"><i role=\"presentation\" class=\"fa fa-plus-circle\"><\/i>\u00bfEs necesaria experiencia previa en ballet?<\/a><\/h3><div><div class=\"inner-toggle-wrap\"><div id=\"fws_69f1eee9608d7\" data-midnight=\"\" data-column-margin=\"default\" class=\"wpb_row vc_row-fluid vc_row inner_row\"  style=\"\"><div class=\"row-bg-wrap\"> <div class=\"row-bg\" ><\/div> <\/div><div class=\"row_col_wrap_12_inner col span_12  left\">\n\t<div  class=\"vc_col-sm-12 wpb_column column_container vc_column_container col child_column padding-7-percent force-desktop-text-align-left inherit_tablet inherit_phone\"   data-padding-pos=\"all\" data-has-bg-color=\"false\" data-bg-color=\"\" data-bg-opacity=\"1\" data-animation=\"\" data-delay=\"0\" >\n\t\t<div class=\"vc_column-inner\" >\n\t\t<div class=\"wpb_wrapper\">\n\t\t\t\n<div class=\"wpb_text_column wpb_content_element\" >\n\t<div class=\"wpb_wrapper\">\n\t\t<p style=\"text-align: left\">No, el nivel pre-primary es una introducci\u00f3n al ballet donde se aprenden conceptos b\u00e1sicos y se fomenta el amor por la danza.<\/p>\n\t<\/div>\n<\/div>\n\n\n\n\n\t\t<\/div> \n\t<\/div>\n\t<\/div> \n<\/div><\/div><\/div><\/div><\/div><\/div>\n\n\n\n\n\n\n\n\n\n\n\n\n\n\n\n\n\n\n\n<div class=\"toggles\" data-br=\"\" data-starting=\"default\" data-style=\"minimal\"><div class=\"toggle default\" data-inner-wrap=\"true\"><h3 class=\"toggle-title\"><a href=\"#\" role=\"button\" class=\"nectar-inherit-h5 toggle-heading\"><i role=\"presentation\" class=\"fa fa-plus-circle\"><\/i>\u00bfQu\u00e9 beneficios aporta el ballet a esta edad?<\/a><\/h3><div><div class=\"inner-toggle-wrap\"><div id=\"fws_69f1eee960dec\" data-midnight=\"\" data-column-margin=\"default\" class=\"wpb_row vc_row-fluid vc_row inner_row\"  style=\"\"><div class=\"row-bg-wrap\"> <div class=\"row-bg\" ><\/div> <\/div><div class=\"row_col_wrap_12_inner col span_12  left\">\n\t<div  class=\"vc_col-sm-12 wpb_column column_container vc_column_container col child_column padding-7-percent force-desktop-text-align-left inherit_tablet inherit_phone\"   data-padding-pos=\"all\" data-has-bg-color=\"false\" data-bg-color=\"\" data-bg-opacity=\"1\" data-animation=\"\" data-delay=\"0\" >\n\t\t<div class=\"vc_column-inner\" >\n\t\t<div class=\"wpb_wrapper\">\n\t\t\t\n<div class=\"wpb_text_column wpb_content_element\" >\n\t<div class=\"wpb_wrapper\">\n\t\t<p>Fomenta disciplina, equilibrio, musicalidad y creatividad en un ambiente divertido y educativo.<\/p>\n\t<\/div>\n<\/div>\n\n\n\n\n\t\t<\/div> \n\t<\/div>\n\t<\/div> \n<\/div><\/div><\/div><\/div><\/div><\/div>\n\n\n\n\n\n\n\n\n\n\n\n\n\n\n\n\n\n\n\n<div class=\"toggles\" data-br=\"\" data-starting=\"default\" data-style=\"minimal\"><div class=\"toggle default\" data-inner-wrap=\"true\"><h3 class=\"toggle-title\"><a href=\"#\" role=\"button\" class=\"nectar-inherit-h5 toggle-heading\"><i role=\"presentation\" class=\"fa fa-plus-circle\"><\/i>\u00bfSe requiere uniforme espec\u00edfico?<\/a><\/h3><div><div class=\"inner-toggle-wrap\"><div id=\"fws_69f1eee96138b\" data-midnight=\"\" data-column-margin=\"default\" class=\"wpb_row vc_row-fluid vc_row inner_row\"  style=\"\"><div class=\"row-bg-wrap\"> <div class=\"row-bg\" ><\/div> <\/div><div class=\"row_col_wrap_12_inner col span_12  left\">\n\t<div  class=\"vc_col-sm-12 wpb_column column_container vc_column_container col child_column padding-7-percent force-desktop-text-align-left inherit_tablet inherit_phone\"   data-padding-pos=\"all\" data-has-bg-color=\"false\" data-bg-color=\"\" data-bg-opacity=\"1\" data-animation=\"\" data-delay=\"0\" >\n\t\t<div class=\"vc_column-inner\" >\n\t\t<div class=\"wpb_wrapper\">\n\t\t\t\n<div class=\"wpb_text_column wpb_content_element\" >\n\t<div class=\"wpb_wrapper\">\n\t\t<p>S\u00ed, las clases suelen tener un uniforme para comodidad y promover la disciplina de la danza.<\/p>\n\t<\/div>\n<\/div>\n\n\n\n\n\t\t<\/div> \n\t<\/div>\n\t<\/div> \n<\/div><\/div><\/div><\/div><\/div><\/div>\n\n\n\n\n\n\n\n\n\n\n\n\n\n\n\n\n\n\n\n\n\t\t\t<\/div> \n\t\t<\/div>\n\t<\/div> \n<\/div><\/div>","protected":false},"excerpt":{"rendered":"NUESTRO ESPACIO La Escuela Descubre un poco m\u00e1s del espacio donde se realizan las clases y las profesoras dispuestas a ense\u00f1arte todo sobre el ballet. ESCUELA DE DANZA SABINE ALBIACH...","protected":false},"author":1,"featured_media":0,"parent":0,"menu_order":0,"comment_status":"closed","ping_status":"closed","template":"","meta":{"footnotes":""},"class_list":["post-2490","page","type-page","status-publish"],"_links":{"self":[{"href":"https:\/\/sabinealbiach.com\/en\/wp-json\/wp\/v2\/pages\/2490","targetHints":{"allow":["GET"]}}],"collection":[{"href":"https:\/\/sabinealbiach.com\/en\/wp-json\/wp\/v2\/pages"}],"about":[{"href":"https:\/\/sabinealbiach.com\/en\/wp-json\/wp\/v2\/types\/page"}],"author":[{"embeddable":true,"href":"https:\/\/sabinealbiach.com\/en\/wp-json\/wp\/v2\/users\/1"}],"replies":[{"embeddable":true,"href":"https:\/\/sabinealbiach.com\/en\/wp-json\/wp\/v2\/comments?post=2490"}],"version-history":[{"count":21,"href":"https:\/\/sabinealbiach.com\/en\/wp-json\/wp\/v2\/pages\/2490\/revisions"}],"predecessor-version":[{"id":2702,"href":"https:\/\/sabinealbiach.com\/en\/wp-json\/wp\/v2\/pages\/2490\/revisions\/2702"}],"wp:attachment":[{"href":"https:\/\/sabinealbiach.com\/en\/wp-json\/wp\/v2\/media?parent=2490"}],"curies":[{"name":"wp","href":"https:\/\/api.w.org\/{rel}","templated":true}]}}