{"id":142,"date":"2024-10-25T10:42:24","date_gmt":"2024-10-25T10:42:24","guid":{"rendered":"https:\/\/sabinealbiach.com\/?page_id=142"},"modified":"2024-10-25T10:45:26","modified_gmt":"2024-10-25T10:45:26","slug":"politica-de-privacidad","status":"publish","type":"page","link":"https:\/\/sabinealbiach.com\/en\/politica-de-privacidad\/","title":{"rendered":"Pol\u00edtica de privacidad"},"content":{"rendered":"<div id=\"fws_69f1de03905dc\"  data-column-margin=\"default\" data-midnight=\"dark\" data-top-percent=\"8%\" data-bottom-percent=\"6%\"  class=\"wpb_row vc_row-fluid vc_row\"  style=\"padding-top: calc(100vw * 0.08); padding-bottom: calc(100vw * 0.06); \"><div class=\"row-bg-wrap\" data-bg-animation=\"none\" data-bg-animation-delay=\"\" data-bg-overlay=\"false\"><div class=\"inner-wrap row-bg-layer\" ><div class=\"row-bg viewport-desktop\"  style=\"\"><\/div><\/div><\/div><div class=\"row_col_wrap_12 col span_12 dark left\">\n\t<div  class=\"vc_col-sm-12 wpb_column column_container vc_column_container col no-extra-padding inherit_tablet inherit_phone\"  data-padding-pos=\"all\" data-has-bg-color=\"false\" data-bg-color=\"\" data-bg-opacity=\"1\" data-animation=\"\" data-delay=\"0\" >\n\t\t<div class=\"vc_column-inner\" >\n\t\t\t<div class=\"wpb_wrapper\">\n\t\t\t\t\n<div class=\"wpb_text_column wpb_content_element\" >\n\t<div class=\"wpb_wrapper\">\n\t\t<h1 style=\"text-align: center;\">Escuela de Danza Sabine Albiach<\/h1>\n<p>&nbsp;<\/p>\n<h2 style=\"text-align: center;\">POL\u00cdTICA DE PRIVACIDAD:<\/h2>\n<h4 style=\"text-align: center;\">RESPONSABLE DEL TRATAMIENTO<\/h4>\n<p>El Responsable del Tratamiento es SABINE ALBIACH STRAUBER, C\/ Ingeniero Jos\u00e9 Sirera, 4 Bajo, 46017, Valencia (VALENCIA).<br \/>\nPrincipios de privacidad<br \/>\nDesde SABINE ALBIACH STRAUBER nos comprometemos contigo a trabajar continuamente para garantizar la privacidad en el tratamiento de tus datos personales, y para ofrecerte en cada momento la informaci\u00f3n m\u00e1s completa y clara que podamos. Te animamos a leer detenidamente esta secci\u00f3n antes de facilitarnos tus datos personales.<br \/>\nSi eres menor de catorce a\u00f1os te rogamos que no nos facilites tus datos sin consentimiento de tus padres.<br \/>\nEn este apartado te informamos de c\u00f3mo tratamos los datos de las personas que tienen relaci\u00f3n con nuestra organizaci\u00f3n. Empezando por nuestros principios:<br \/>\n&#8211; No solicitamos informaci\u00f3n personal, a no ser que sea necesaria para prestarte los servicios que nos requieras.<br \/>\n&#8211; Nunca compartimos informaci\u00f3n personal con nadie, excepto para cumplir la ley, o contemos con tu autorizaci\u00f3n expresa.<br \/>\n&#8211; Nunca utilizaremos tus datos personales para finalidades distintas a las expresadas en la presente pol\u00edtica de privacidad.<br \/>\n&#8211; Tus datos siempre ser\u00e1n tratados con un nivel de protecci\u00f3n adecuado a la legislaci\u00f3n en materia de protecci\u00f3n de datos, y no los someteremos a decisiones automatizadas.<\/p>\n<p>La presente pol\u00edtica de privacidad la hemos redactado teniendo en cuenta las exigencias de la actual legislaci\u00f3n de protecci\u00f3n de datos:<br \/>\n&#8211; Reglamento (UE) 2016\/679 del Parlamento Europeo y del Consejo de 27 de abril de 2016 relativo a la protecci\u00f3n de las personas f\u00edsicas (RGPD).<br \/>\n&#8211; Ley Org\u00e1nica 3\/2018, de 5 de diciembre, de Protecci\u00f3n de Datos de Car\u00e1cter Personal y garant\u00eda de los derechos digitales (LOPD).<br \/>\n&#8211; Real Decreto 1720\/2007, de 21 de diciembre (RLOPD).<\/p>\n<p>Con motivo de la modificaci\u00f3n de criterios de tratamiento, en aras de facilitar su comprensi\u00f3n o de adaptarla a la legalidad vigente, es posible que modifiquemos la presente pol\u00edtica de privacidad. Actualizaremos la fecha de la misma, para que puedas comprobar su vigencia.<br \/>\nTratamientos que realizamos<\/p>\n<p>Tratamiento de Contactos<br \/>\nBase Jur\u00eddica: Consentimiento del interesado<br \/>\nFines del Tratamiento: Atender su solicitud, enviarle informaci\u00f3n y realizar un seguimiento de la solicitud.<br \/>\nColectivo: Personas de contacto, clientes, proveedores<br \/>\nCategor\u00edas de Datos: Nombre y apellidos, tel\u00e9fono, direcci\u00f3n de email<br \/>\nCategor\u00edas de Destinatarios: No se contemplan cesiones de datos a terceros.<br \/>\nTransferencias Internacionales: No est\u00e1n previstas transferencias internacionales de los datos.<br \/>\nPlazo de Supresi\u00f3n: Los datos de contacto se conservar\u00e1n por un periodo indefinido, o hasta que el interesado solicite su supresi\u00f3n.<br \/>\nMedidas de Seguridad: Adaptadas a las exigencias del Reglamento (EU) 2016\/679, ReglamentoGeneral de Protecci\u00f3n de Datos.<\/p>\n<p>Tratamiento de Atenci\u00f3n derechos de las personas (ARCO)<br \/>\nBase Jur\u00eddica: RGPD: 6.1.c) Tratamiento necesario para el cumplimiento de una obligaci\u00f3n legal aplicable al responsable del tratamiento.<br \/>\nReglamento General de Protecci\u00f3n de Datos.<br \/>\nFines del Tratamiento: Atender las solicitudes en el ejercicio de los derechos que establece el Reglamento General de Protecci\u00f3n de Datos: Derecho de acceso, rectificaci\u00f3n, supresi\u00f3n, limitaci\u00f3n, portabilidad y oposici\u00f3n a la toma de decisiones automatizadas.<br \/>\nColectivo: Personas f\u00edsicas que lo solicitan (empleados, clientes, proveedores, personas de contacto)<br \/>\nCategor\u00edas de Datos: Nombre y apellidos, direcci\u00f3n, firma y tel\u00e9fono.<br \/>\nCategor\u00edas de Destinatarios: Los datos personales podr\u00e1n ser comunicados a la Autoridad de Control (Agencia Espa\u00f1ola de Protecci\u00f3n de Datos) en el marco de una investigaci\u00f3n por tutela de derechos iniciada por el interesado.<br \/>\nTransferencias Internacionales: No est\u00e1n previstas transferencias internacionales de los datos.<br \/>\nPlazo de Supresi\u00f3n: Se conservar\u00e1n durante un plazo de cinco a\u00f1os desde el momento de la solicitud.<br \/>\nMedidas de Seguridad: Adaptadas a las exigencias del Reglamento (EU) 2016\/679, Reglamento General de Protecci\u00f3n de Datos.<\/p>\n<p>Tratamiento de Candidatos procesos de selecci\u00f3n (RRHH)<br \/>\nBase Jur\u00eddica: RGPD 6.1.a) El interesado dio su consentimiento para el tratamiento de sus datos personales para uno o varios fines espec\u00edficos.<br \/>\nRGPD: 6.1.b) Tratamiento necesario para la ejecuci\u00f3n de un contrato en el que el interesado es parte o para la aplicaci\u00f3n a petici\u00f3n de este de medidas precontractuales.<br \/>\nFines del Tratamiento: Selecci\u00f3n de personal y provisi\u00f3n de puestos de trabajo.<br \/>\nColectivo: Candidatos presentados a procedimientos de provisi\u00f3n de puestos de trabajo.<br \/>\nCategor\u00edas de Datos: &#8211; Nombre y apellidos, DNI\/CIF\/Documento identificativo, n\u00famero de registro de personal, direcci\u00f3n, firma y tel\u00e9fono.<br \/>\n&#8211; Datos de caracter\u00edsticas personales: Sexo, estado civil, nacionalidad, edad, fecha y lugar de nacimiento y datos familiares.<br \/>\n&#8211; Datos acad\u00e9micos y profesionales: Titulaciones, formaci\u00f3n y experiencia profesional.<br \/>\n&#8211; Datos de detalle de empleo.<br \/>\nCategor\u00edas de Destinatarios: No est\u00e1n previstas cesiones de datos a terceros.<br \/>\nTransferencias Internacionales: No est\u00e1n previstas transferencias internacionales de los datos.<br \/>\nPlazo de Supresi\u00f3n: Se conservar\u00e1n durante el tiempo necesario para cumplir con la finalidad para la que se recabaron y para determinar las posibles responsabilidades que se pudieran derivar de dicha finalidad y del tratamiento de los datos.<br \/>\nMedidas de Seguridad: Adaptadas a las exigencias del Reglamento (EU) 2016\/679, Reglamento General de Protecci\u00f3n de Datos.<\/p>\n<p>Tratamiento de Proveedores<br \/>\nBase Jur\u00eddica: RGPD: 6.1.b) Tratamiento necesario para la ejecuci\u00f3n de un contrato en el que el interesado es parte o para la aplicaci\u00f3n a petici\u00f3n de \u00e9ste de medidas precontractuales.<br \/>\nRGPD: 6.1.c) Tratamiento necesario para el cumplimiento de una obligaci\u00f3n legal aplicable al responsable del tratamiento.<br \/>\nReal Decreto Legislativo 2\/2015, de 23 de octubre, por el que se aprueba el texto refundido de la Ley del Estatuto de los Trabajadores.<br \/>\nLey 58\/2003, de 17 de diciembre, General Tributaria.<br \/>\nFines del Tratamiento: &#8211; Adquisici\u00f3n de productos y\/o servicios que necesitamos para el desarrollo de nuestra actividad.<br \/>\n&#8211; Control de los subcontratistas si procede.<br \/>\nColectivo: &#8211; Proveedores.<br \/>\n&#8211; Personas que trabajan para nuestros proveedores.<br \/>\nCategor\u00edas de Datos: &#8211; Nombre y apellidos, DNI\/NIF\/Documento identificativo, direcci\u00f3n, firma y tel\u00e9fono.<\/p>\n<p>Plazo de Supresi\u00f3n: Se conservar\u00e1n durante el tiempo necesario para cumplir con la finalidad para la que se recabaron y para determinar las posibles responsabilidades que se pudieran derivar de dicha finalidad y del tratamiento de los datos, conforme a la Ley 58\/2003, de 17 de diciembre, General Tributaria,<br \/>\nMedidas de Seguridad: Adaptadas a las exigencias del Reglamento (EU) 2016\/679, Reglamento General de Protecci\u00f3n de Datos.<\/p>\n<p>Tratamiento de Clientes.<br \/>\nBase Jur\u00eddica: RGPD: 6.1.a) El interesado dio su consentimiento para el tratamiento de sus datos personales para uno o varios fines espec\u00edficos.<br \/>\nRGPD: 6.1.b) Tratamiento necesario para la ejecuci\u00f3n de un contrato en el que el interesado es parte o para la aplicaci\u00f3n a petici\u00f3n de \u00e9ste de medidas precontractuales.<br \/>\nRGPD: 6.1.c) Tratamiento necesario para el cumplimiento de una obligaci\u00f3n legal aplicable al responsable del tratamiento.<br \/>\nRGPD: 6.1.f) Tratamiento necesario para la satisfacci\u00f3n de intereses leg\u00edtimos del responsable del tratamiento.<br \/>\nReal Decreto Legislativo 2\/2015, de 23 de octubre, por el que se aprueba el texto refundido de la Ley del Estatuto de los Trabajadores.<br \/>\nLey 58\/2003, de 17 de diciembre, General Tributaria.<br \/>\nFines del Tratamiento: Suministro de nuestros productos \/ servicios<br \/>\nColectivo: Clientes<br \/>\nCategor\u00edas de Datos: &#8211; Nombre y apellidos, DNI\/NIF\/Documento identificativo, direcci\u00f3n, firma y tel\u00e9fono.<br \/>\n&#8211; Datos econ\u00f3mico financieros y de seguros: Datos bancarios<br \/>\nCategor\u00edas de Destinatarios: &#8211; Entidades financieras.<br \/>\n&#8211; Agencia Estatal de Administraci\u00f3n Tributaria.<br \/>\nTransferencias Internacionales: No est\u00e1n previstas transferencias internacionales de los datos.<br \/>\nPlazo de Supresi\u00f3n: Se conservar\u00e1n durante el tiempo necesario para cumplir con la finalidad para la que se recabaron y para determinar las posibles responsabilidades que se pudieran derivar de dicha finalidad y del tratamiento de los datos, conforme a la Ley 58\/2003, de 17 de diciembre, General Tributaria,<br \/>\nMedidas de Seguridad: Adaptadas a las exigencias del Reglamento (EU) 2016\/679, Reglamento General de Protecci\u00f3n de Datos.<\/p>\n<p>Tratamiento de Notificaci\u00f3n de Brechas de Seguridad<br \/>\nBase Jur\u00eddica: RGPD: 6.1.c) Tratamiento necesario para el cumplimiento de una obligaci\u00f3n legal aplicable al responsable del tratamiento.<br \/>\nReglamento General de Protecci\u00f3n de Datos. Art\u00edculos 33 y 34<br \/>\nFines del Tratamiento: Gesti\u00f3n y evaluaci\u00f3n de las brechas de seguridad que se produjeren en nuestra organizaci\u00f3n.<br \/>\nColectivo: Variable: Empleados, Clientes, Proveedores, Personas de Contacto (depender\u00e1 de la brecha de seguridad)<br \/>\nCategor\u00edas de Datos: Variable. (Depender\u00e1 de la brecha de seguridad)<br \/>\nCategor\u00edas de Destinatarios: &#8211; Agencia Espa\u00f1ola de Protecci\u00f3n de Datos.<br \/>\n&#8211; Fuerzas y Cuerpos de Seguridad del Estado.<br \/>\nTransferencias Internacionales: No est\u00e1n previstas transferencias internacionales de los datos.<br \/>\nPlazo de Supresi\u00f3n: Se conservar\u00e1n durante el tiempo necesario para cumplir con la finalidad para la que se recabaron y para determinar las posibles responsabilidades que se pudieran derivar de dicha finalidad y del tratamiento de los datos. Ser\u00e1 de aplicaci\u00f3n lo dispuesto en la normativa de archivos y documentaci\u00f3n.<br \/>\nMedidas de Seguridad: Adaptadas a las exigencias del Reglamento (EU) 2016\/679, Reglamento General de Protecci\u00f3n de Datos.<\/p>\n<p>Tratamiento de Alumnos<br \/>\nBase Jur\u00eddica: RGPD: 6.1.b) Tratamiento necesario para la ejecuci\u00f3n de un contrato en el que el interesado es parte o para la aplicaci\u00f3n a petici\u00f3n de \u00e9ste de medidas precontractuales.<br \/>\nRGPD: 6.1.c) Tratamiento necesario para el cumplimiento de una obligaci\u00f3n legal aplicable al responsable del tratamiento.<br \/>\nLey 58\/2003, de 17 de diciembre, General Tributaria.<br \/>\nFines del Tratamiento: -Gesti\u00f3n de la matr\u00edcula y cobro de servicios complementarios.<br \/>\n-Env\u00edo de informaci\u00f3n.<\/p>\n<p>-Gesti\u00f3n de la relaci\u00f3n con los clientes (en caso de menores, padres o tutores legales y familiares autorizados)<br \/>\nColectivo: &#8211; Alumnos.<br \/>\n&#8211; Padres o tutores legales (menores)<br \/>\n&#8211; Familiares autorizados (menores)<br \/>\nCategor\u00edas de Datos: &#8211; Nombre y apellidos, DNI\/NIF\/Documento identificativo, direcci\u00f3n, firma y tel\u00e9fono.<br \/>\n&#8211; Datos econ\u00f3mico financieros y de seguros: Datos bancarios<br \/>\nCategor\u00edas de Destinatarios: &#8211; Entidades bancarias.<br \/>\nTransferencias Internacionales: No est\u00e1n previstas transferencias internacionales de los datos.<br \/>\nPlazo de Supresi\u00f3n: Se conservar\u00e1n durante el tiempo necesario para cumplir con la finalidad para la que se recabaron y para determinar las posibles responsabilidades que se pudieran derivar de dicha finalidad y del tratamiento de los datos, conforme a la Ley 58\/2003, de 17 de diciembre, General Tributaria.<br \/>\nMedidas de Seguridad: Adaptadas a las exigencias del Reglamento (EU) 2016\/679, Reglamento General de Protecci\u00f3n de Datos.<br \/>\nTUS DERECHOS<\/p>\n<p>Tienes derecho a solicitarnos una copia de tus datos personales, a rectificar los datos inexactos o completarlos si estuvieren incompletos, o en su caso suprimirlos, cuando ya no sean necesarios para los fines para los que fueron recogidos.<\/p>\n<p>Tambi\u00e9n tienes derecho a limitar el tratamiento de tus datos personales y a obtener tus datos personales en un formato estructurado y legible.<\/p>\n<p>Puedes oponerte al tratamiento de tus datos personales en algunas circunstancias (en particular, cuando no tengamos que procesarlos para cumplir con un requisito contractual u otro requisito legal, o cuando el objeto del tratamiento sea el marketing directo).<\/p>\n<p>Cuando nos hayas otorgado tu consentimiento, podr\u00e1s retirarlo en cualquier momento. En ese momento dejaremos de tratar tus datos o, en su caso, dejaremos de hacerlo para esa finalidad en concreto. Si decides retirar tu consentimiento, esto no afectar\u00e1 a ning\u00fan tratamiento que haya tenido lugar mientras tu consentimiento estaba vigente.<br \/>\nEstos derechos podr\u00e1n verse limitados; por ejemplo, si para cumplir tu solicitud tuvi\u00e9semos que revelar datos sobre otra persona, o si nos solicitas que eliminemos algunos registros que estamos obligados a mantener por una obligaci\u00f3n legal o por un inter\u00e9s leg\u00edtimo, como pueda ser el ejercicio de defensa ante reclamaciones. O incluso en aquellos casos donde debe prevalecer el derecho a la libertad de expresi\u00f3n e informaci\u00f3n.<\/p>\n<p>Puedes contactar con nosotros por cualquiera de los medios indicados en el apartado Responsable del Tratamiento de esta pol\u00edtica de privacidad, aportando una copia de un documento que acredite tu identidad (normalmente el DNI). La forma m\u00e1s c\u00f3moda de ejercer sus derechos es accediendo a nuestro PORTAL DE DERECHOS: https:\/\/www.adelopd.com\/portalderechos\/escuela-de-danza-sabine-albiach.<br \/>\nOtro de tus derechos es el de no ser objeto de una decisi\u00f3n basada \u00fanicamente en un tratamiento automatizado, incluida la elaboraci\u00f3n de perfiles que produzca efectos jur\u00eddicos o te afecte.<\/p>\n<p>Frente a cualquier vulneraci\u00f3n de tus derechos, como, por ejemplo, que no hayamos atendido tu solicitud, tienes derecho a presentar una reclamaci\u00f3n ante la Autoridad de Control en materia de protecci\u00f3n de datos. Esta puede ser la de tu pa\u00eds (si vives fuera de Espa\u00f1a) o la Agencia Espa\u00f1ola de Protecci\u00f3n de Datos (si vives en Espa\u00f1a).<br \/>\nInformaci\u00f3n adicional<\/p>\n<p>Enlaces a sitios web de terceros.<br \/>\nNuestro sitio web puede, en algunas ocasiones, contener enlaces hacia otros sitios web. Es tu responsabilidad asegurarte de leer la pol\u00edtica de protecci\u00f3n de datos y las condiciones legales que se apliquen a cada sitio.<\/p>\n<p>Datos de terceros.<br \/>\nSi nos facilitas datos de terceros, asumes la responsabilidad de informarles previamente seg\u00fan lo establecido en el art\u00edculo 14 del RGPD.<\/p>\n\t<\/div>\n<\/div>\n\n\n\n\n\t\t\t<\/div> \n\t\t<\/div>\n\t<\/div> \n<\/div><\/div>","protected":false},"excerpt":{"rendered":"Escuela de Danza Sabine Albiach &nbsp; POL\u00cdTICA DE PRIVACIDAD: RESPONSABLE DEL TRATAMIENTO El Responsable del Tratamiento es SABINE ALBIACH STRAUBER, C\/ Ingeniero Jos\u00e9 Sirera, 4 Bajo, 46017, Valencia (VALENCIA). Principios...","protected":false},"author":1,"featured_media":0,"parent":0,"menu_order":0,"comment_status":"closed","ping_status":"closed","template":"","meta":{"footnotes":""},"class_list":["post-142","page","type-page","status-publish"],"_links":{"self":[{"href":"https:\/\/sabinealbiach.com\/en\/wp-json\/wp\/v2\/pages\/142","targetHints":{"allow":["GET"]}}],"collection":[{"href":"https:\/\/sabinealbiach.com\/en\/wp-json\/wp\/v2\/pages"}],"about":[{"href":"https:\/\/sabinealbiach.com\/en\/wp-json\/wp\/v2\/types\/page"}],"author":[{"embeddable":true,"href":"https:\/\/sabinealbiach.com\/en\/wp-json\/wp\/v2\/users\/1"}],"replies":[{"embeddable":true,"href":"https:\/\/sabinealbiach.com\/en\/wp-json\/wp\/v2\/comments?post=142"}],"version-history":[{"count":4,"href":"https:\/\/sabinealbiach.com\/en\/wp-json\/wp\/v2\/pages\/142\/revisions"}],"predecessor-version":[{"id":146,"href":"https:\/\/sabinealbiach.com\/en\/wp-json\/wp\/v2\/pages\/142\/revisions\/146"}],"wp:attachment":[{"href":"https:\/\/sabinealbiach.com\/en\/wp-json\/wp\/v2\/media?parent=142"}],"curies":[{"name":"wp","href":"https:\/\/api.w.org\/{rel}","templated":true}]}}